{"id":42,"date":"2026-01-28T12:01:42","date_gmt":"2026-01-28T12:01:42","guid":{"rendered":"https:\/\/greiersen.dk\/sss\/?page_id=42"},"modified":"2026-03-25T22:32:56","modified_gmt":"2026-03-25T22:32:56","slug":"hvor-boelgerne-brydes","status":"publish","type":"page","link":"https:\/\/greiersen.dk\/sss\/hvor-boelgerne-brydes\/","title":{"rendered":"Hvor B\u00f8lgerne Brydes"},"content":{"rendered":"\n<h1 class=\"wp-block-heading has-text-align-center\">Hvor B\u00f8lgerne Brydes<br><sup>af Selskabet for Syede Sange<\/sup><\/h1>\n\n\n\n<div class=\"wp-block-columns is-layout-flex wp-container-core-columns-is-layout-9d6595d7 wp-block-columns-is-layout-flex\">\n<div class=\"wp-block-column is-layout-flow wp-block-column-is-layout-flow\">\n<p><strong>Hvor B\u00f8lgerne Brydes <\/strong><\/p>\n\n\n\n<p>Er en musikalsk fort\u00e6lling om mennesker, der levede deres liv i skyggerne af en tid, der for l\u00e6ngst er forbi. Albummet f\u00f8lger sporene efter Julie Sofie og hendes familie \u2014 deres h\u00e5b, tab, dr\u00f8mme og de stille \u00f8jeblikke, der aldrig n\u00e5ede historieb\u00f8gerne, men som alligevel formede et helt liv.<\/p>\n\n\n\n<p>Hver sang bygger p\u00e5 virkelige h\u00e6ndelser og fragmenter af et levet liv. Det er musik, der ikke fors\u00f8ger at genskabe fortiden, men at <strong>lytte til den<\/strong>. <\/p>\n\n\n\n<p>En fort\u00e6lling og sang fremf\u00f8rt af en mand, der skildrer en kvindes livshistorie.<\/p>\n\n\n\n<div class='bootstrap-yop yop-poll-mc'>\n\t\t\t\t\t\t\t<div class=\"basic-yop-poll-container\" style=\"background-color:#f5efe7; border:0px; border-style:solid; border-color:#5a4636; border-radius:7px; padding:10px 10px;\" data-id=\"1\" data-temp=\"basic\" data-skin=\"minimal\" data-cscheme=\"black\" data-cap=\"0\" data-access=\"guest\" data-tid=\"\" data-uid=\"3a2964f904d7fd0042ba50911978cd24\" data-pid=\"42\" data-resdet=\"percentages\" data-show-results-to=\"guest\" data-show-results-moment=\"after-vote\" data-show-results-only=\"false\" data-show-message=\"true\" data-show-results-as=\"bar\" data-sort-results-by=\"as-defined\" data-sort-results-rule=\"asc\"data-is-ended=\"0\" data-gdpr=\"no\" data-gdpr-sol=\"consent\" data-css=\".basic-yop-poll-container[data-uid] .basic-vote { text-align: center; }\" data-counter=\"0\" data-load-with=\"1\" data-notification-section=\"top\"><div class=\"row\"><div class=\"col-md-12\"><div class=\"basic-inner\"><div class=\"basic-message hide\" style=\"border-left: 10px solid #008000; padding: 0px 10px;\" data-error=\"#ff0000\" data-success=\"#008000\"><p class=\"basic-message-text\" style=\"color:#000000; font-size:14px; font-weight:normal;\"><\/p><\/div><div class=\"basic-overlay hide\"><div class=\"basic-vote-options\"><\/div><div class=\"basic-preloader\"><div class=\"basic-windows8\"><div class=\"basic-wBall basic-wBall_1\"><div class=\"basic-wInnerBall\"><\/div><\/div><div class=\"basic-wBall basic-wBall_2\"><div class=\"basic-wInnerBall\"><\/div><\/div><div class=\"basic-wBall basic-wBall_3\"><div class=\"basic-wInnerBall\"><\/div><\/div><div class=\"basic-wBall basic-wBall_4\"><div class=\"basic-wInnerBall\"><\/div><\/div><div class=\"basic-wBall basic-wBall_5\"><div class=\"basic-wInnerBall\"><\/div><\/div><\/div><\/div><\/div><form class=\"basic-form\"><input type=\"hidden\" name=\"_token\" value=\"c7a7e4d69f\" autocomplete=\"off\"><div class=\"basic-elements\"><div class=\"basic-element basic-question basic-question-text-vertical\" data-id=\"1\" data-uid=\"e89c51bef58eab253e20539e9202eab6\" data-type=\"question\" data-question-type=\"text\" data-allow-multiple=\"yes\" data-min=\"1\" data-max=\"11\" data-display=\"vertical\" data-colnum=\"\" data-display-others=\"no\" data-others-color=\"\" data-others=\"\"><div role=\"heading\" aria-level=\"5\" class=\"basic-question-title\" style=\"color:#5a4636; font-size:16px; font-weight:normal; text-align:center;\">Hvilken sang fra Hvor B\u00f8lgerne Brydes r\u00f8rer dig mest? (Du kan v\u00e6lge \u00e9n eller flere af sangene)<\/div><ul class=\"basic-answers\"><li class=\"basic-answer\" style=\"padding:0px 0px;\" data-id=\"12\" data-type=\"text\" data-vn=\"10\" data-color=\"#000000\" data-make-link=\"no\" data-link=\"\"><div class=\"basic-answer-content basic-text-vertical\"><label for=\"answer[12]\" class=\"basic-answer-label\"><input type=\"checkbox\" id=\"answer[12]\" name=\"answer[1]\" value=\"12\"  autocomplete=\"off\"><span class=\"basic-text\" style=\"color: #5a4636; font-size: 14px; font-weight: normal;\" tabindex=\"0\">Hele albummet<\/span><\/label><\/div><\/li><li class=\"basic-answer\" style=\"padding:0px 0px;\" data-id=\"1\" data-type=\"text\" data-vn=\"5\" data-color=\"#000000\" data-make-link=\"no\" data-link=\"\"><div class=\"basic-answer-content basic-text-vertical\"><label for=\"answer[1]\" class=\"basic-answer-label\"><input type=\"checkbox\" id=\"answer[1]\" name=\"answer[1]\" value=\"1\"  autocomplete=\"off\"><span class=\"basic-text\" style=\"color: #5a4636; font-size: 14px; font-weight: normal;\" tabindex=\"0\">Lem nr. 41<\/span><\/label><\/div><\/li><li class=\"basic-answer\" style=\"padding:0px 0px;\" data-id=\"3\" data-type=\"text\" data-vn=\"4\" data-color=\"#000000\" data-make-link=\"no\" data-link=\"\"><div class=\"basic-answer-content basic-text-vertical\"><label for=\"answer[3]\" class=\"basic-answer-label\"><input type=\"checkbox\" id=\"answer[3]\" name=\"answer[1]\" value=\"3\"  autocomplete=\"off\"><span class=\"basic-text\" style=\"color: #5a4636; font-size: 14px; font-weight: normal;\" tabindex=\"0\">Emma &amp; Albert<\/span><\/label><\/div><\/li><li class=\"basic-answer\" style=\"padding:0px 0px;\" data-id=\"4\" data-type=\"text\" data-vn=\"6\" data-color=\"#000000\" data-make-link=\"no\" data-link=\"\"><div class=\"basic-answer-content basic-text-vertical\"><label for=\"answer[4]\" class=\"basic-answer-label\"><input type=\"checkbox\" id=\"answer[4]\" name=\"answer[1]\" value=\"4\"  autocomplete=\"off\"><span class=\"basic-text\" style=\"color: #5a4636; font-size: 14px; font-weight: normal;\" tabindex=\"0\">Ungdommens Gader<\/span><\/label><\/div><\/li><li class=\"basic-answer\" style=\"padding:0px 0px;\" data-id=\"5\" data-type=\"text\" data-vn=\"4\" data-color=\"#000000\" data-make-link=\"no\" data-link=\"\"><div class=\"basic-answer-content basic-text-vertical\"><label for=\"answer[5]\" class=\"basic-answer-label\"><input type=\"checkbox\" id=\"answer[5]\" name=\"answer[1]\" value=\"5\"  autocomplete=\"off\"><span class=\"basic-text\" style=\"color: #5a4636; font-size: 14px; font-weight: normal;\" tabindex=\"0\">Den Dag Himlen \u00c5bnede Sig<\/span><\/label><\/div><\/li><li class=\"basic-answer\" style=\"padding:0px 0px;\" data-id=\"6\" data-type=\"text\" data-vn=\"3\" data-color=\"#000000\" data-make-link=\"no\" data-link=\"\"><div class=\"basic-answer-content basic-text-vertical\"><label for=\"answer[6]\" class=\"basic-answer-label\"><input type=\"checkbox\" id=\"answer[6]\" name=\"answer[1]\" value=\"6\"  autocomplete=\"off\"><span class=\"basic-text\" style=\"color: #5a4636; font-size: 14px; font-weight: normal;\" tabindex=\"0\">V\u00e6relse 12<\/span><\/label><\/div><\/li><li class=\"basic-answer\" style=\"padding:0px 0px;\" data-id=\"7\" data-type=\"text\" data-vn=\"4\" data-color=\"#000000\" data-make-link=\"no\" data-link=\"\"><div class=\"basic-answer-content basic-text-vertical\"><label for=\"answer[7]\" class=\"basic-answer-label\"><input type=\"checkbox\" id=\"answer[7]\" name=\"answer[1]\" value=\"7\"  autocomplete=\"off\"><span class=\"basic-text\" style=\"color: #5a4636; font-size: 14px; font-weight: normal;\" tabindex=\"0\">Henry Ove<\/span><\/label><\/div><\/li><li class=\"basic-answer\" style=\"padding:0px 0px;\" data-id=\"8\" data-type=\"text\" data-vn=\"7\" data-color=\"#000000\" data-make-link=\"no\" data-link=\"\"><div class=\"basic-answer-content basic-text-vertical\"><label for=\"answer[8]\" class=\"basic-answer-label\"><input type=\"checkbox\" id=\"answer[8]\" name=\"answer[1]\" value=\"8\"  autocomplete=\"off\"><span class=\"basic-text\" style=\"color: #5a4636; font-size: 14px; font-weight: normal;\" tabindex=\"0\">Kutteren Anna<\/span><\/label><\/div><\/li><li class=\"basic-answer\" style=\"padding:0px 0px;\" data-id=\"9\" data-type=\"text\" data-vn=\"3\" data-color=\"#000000\" data-make-link=\"no\" data-link=\"\"><div class=\"basic-answer-content basic-text-vertical\"><label for=\"answer[9]\" class=\"basic-answer-label\"><input type=\"checkbox\" id=\"answer[9]\" name=\"answer[1]\" value=\"9\"  autocomplete=\"off\"><span class=\"basic-text\" style=\"color: #5a4636; font-size: 14px; font-weight: normal;\" tabindex=\"0\">Barnet uden far<\/span><\/label><\/div><\/li><li class=\"basic-answer\" style=\"padding:0px 0px;\" data-id=\"10\" data-type=\"text\" data-vn=\"4\" data-color=\"#000000\" data-make-link=\"no\" data-link=\"\"><div class=\"basic-answer-content basic-text-vertical\"><label for=\"answer[10]\" class=\"basic-answer-label\"><input type=\"checkbox\" id=\"answer[10]\" name=\"answer[1]\" value=\"10\"  autocomplete=\"off\"><span class=\"basic-text\" style=\"color: #5a4636; font-size: 14px; font-weight: normal;\" tabindex=\"0\">Over Sundet<\/span><\/label><\/div><\/li><li class=\"basic-answer\" style=\"padding:0px 0px;\" data-id=\"11\" data-type=\"text\" data-vn=\"6\" data-color=\"#000000\" data-make-link=\"no\" data-link=\"\"><div class=\"basic-answer-content basic-text-vertical\"><label for=\"answer[11]\" class=\"basic-answer-label\"><input type=\"checkbox\" id=\"answer[11]\" name=\"answer[1]\" value=\"11\"  autocomplete=\"off\"><span class=\"basic-text\" style=\"color: #5a4636; font-size: 14px; font-weight: normal;\" tabindex=\"0\">Sidste Sting<\/span><\/label><\/div><\/li><\/ul><\/div><div class=\"clearfix\"><\/div><\/div><div class=\"basic-vote\"><a href=\"#\" class=\"button basic-vote-button\" role=\"button\" style=\"background:#ffffff; border:1px; border-style: solid; border-color:#000000; border-radius:0px; padding:5px 10px; color:#000000; font-size:14px; font-weight:normal;\">Stem<\/a><\/div><\/form><\/div><\/div><\/div><\/div>\n\t\t\t\t\t\t<\/div>\n<\/div>\n\n\n\n<div class=\"wp-block-column is-layout-flow wp-block-column-is-layout-flow\" style=\"padding-top:0;padding-right:0;padding-bottom:0;padding-left:0\">\n<div class=\"wp-block-group has-dark-gray-background-color has-background\" style=\"padding-top:0;padding-right:0;padding-bottom:0;padding-left:0\"><div class=\"wp-block-group__inner-container is-layout-constrained wp-container-core-group-is-layout-c6b4b7cd wp-block-group-is-layout-constrained\">\n<figure class=\"wp-block-image size-large\"><img decoding=\"async\" src=\"https:\/\/jensgreiersen.direct.quickconnect.to\/wordpress\/wp-content\/uploads\/2026\/01\/Hvor-Boelgerne-Brydes-cover.jpeg\" alt=\"\"\/><\/figure>\n\n\n<div id=\"audioigniter-45\" class=\"audioigniter-root \" data-player-type=\"full\" data-tracks-url=\"https:\/\/greiersen.dk\/sss\/?audioigniter_playlist_id=45\" data-display-track-no=\"true\" data-reverse-track-order=\"false\" data-display-tracklist-covers=\"true\" data-display-active-cover=\"false\" data-display-artist-names=\"true\" data-display-buy-buttons=\"true\" data-buy-buttons-target=\"true\" data-cycle-tracks=\"false\" data-display-credits=\"false\" data-display-tracklist=\"true\" data-allow-tracklist-toggle=\"true\" data-allow-tracklist-loop=\"true\" data-limit-tracklist-height=\"true\" data-volume=\"100\" data-tracklist-height=\"410\" ><\/div>\n\n\n\n<p><\/p>\n<\/div><\/div>\n\n\n\n<p><a href=\"https:\/\/www.youtube.com\/playlist?list=PLN5IheOw0kR163Hs8ZqbWSnsRUFqjDVvn\" type=\"link\" id=\"https:\/\/www.youtube.com\/playlist?list=PLN5IheOw0kR163Hs8ZqbWSnsRUFqjDVvn\" target=\"_blank\" rel=\"noreferrer noopener\"><strong>Se videoer p\u00e5 YouTube<\/strong><\/a><\/p>\n<\/div>\n<\/div>\n\n\n\n<p>G\u00e5 til sang teksterne: <a href=\"#1\">1<\/a> &#8211; <a data-type=\"internal\" data-id=\"#2\" href=\"#2\">2<\/a> &#8211; <a data-type=\"internal\" data-id=\"#3\" href=\"#3\">3<\/a> &#8211; <a data-type=\"internal\" data-id=\"#4\" href=\"#4\">4<\/a> &#8211; <a data-type=\"internal\" data-id=\"#5\" href=\"#5\">5<\/a> &#8211; <a data-type=\"internal\" data-id=\"#6\" href=\"#6\">6<\/a> &#8211; <a data-type=\"internal\" data-id=\"#7\" href=\"#7\">7<\/a> &#8211; <a data-type=\"internal\" data-id=\"#8\" href=\"#8\">8<\/a> &#8211; <a data-type=\"internal\" data-id=\"#9\" href=\"#9\">9<\/a> &#8211; <a data-type=\"internal\" data-id=\"#10\" href=\"#10\">10<\/a><\/p>\n\n\n\n<hr class=\"wp-block-separator has-alpha-channel-opacity is-style-wide\"\/>\n\n\n\n<h4 class=\"wp-block-heading\" id=\"1\">SANG 1 \u2013 \u201cLem nr. 41\u201d<\/h4>\n\n\n\n<p><strong>Vers 1<\/strong><br><em>Ved Peblinges\u00f8ens beskidte kant<br>l\u00e5 murene h\u00f8je og kolde<br>hvor hver en dr\u00f8m og hver en slant<br>blev lagt i de riges vold<\/em><\/p>\n\n\n\n<p><em>Albert tr\u00e6kker sin krave op<br>en mand p\u00e5 fyrre med b\u00f8jet krop<br>bag Ladeg\u00e5rdens lukkede port<br>bliver sj\u00e6len gr\u00e5 og verden sort.<\/em><\/p>\n\n\n\n<p><strong>Omkv\u00e6d<\/strong><br><em>Lem nummer 41 \u2013 r\u00e6k mig din h\u00e5nd<br>du er bundet af fattigg\u00e5rdens b\u00e5nd<br>plukke v\u00e6rk og hugge sten<br>marv og ben, s\u00e5 tr\u00e6t og alene<\/em><br><em>Men kig mod \u00f8st, mod havets skum<br>der findes et andet pusterum.<\/em><\/p>\n\n\n\n<p><strong>Vers 2<\/strong><br><em>Tolv timer om dagen, en sk\u00e5l med gr\u00f8d<br>et liv i en ventev\u00e6relse-d\u00f8d<br>men pr\u00e6sten skriver fra Bornholms jord:<br>\u201cKom herover, Albert, her er bordet stort.\u201d<\/em><\/p>\n\n\n\n<p><em>Fra Ladeg\u00e5rden til Nyker sogn<br>fra fattiglem til arbejds vogn<br>attenhundrede nioghalvfems<br>et nyt kapitel uden skam og lens.<\/em><\/p>\n\n\n\n<p><strong>Omkv\u00e6d<\/strong><br><em>Lem nummer 41 \u2013 r\u00e6k mig din h\u00e5nd<br>du er bundet af fattigg\u00e5rdens b\u00e5nd<br>plukke v\u00e6rk og hugge sten<br>marv og ben, s\u00e5 tr\u00e6t og alene<\/em><br><em>Men kig mod \u00f8st, mod havets skum<br>der findes et andet pusterum.<\/em><\/p>\n\n\n\n<p><strong>Omkv\u00e6d<\/strong><br><em>Lem nummer 41 \u2013 r\u00e6k mig din h\u00e5nd<br>du er bundet af fattigg\u00e5rdens b\u00e5nd<br>plukke v\u00e6rk og hugge sten<br>marv og ben, s\u00e5 tr\u00e6t og alene<\/em><br><em>Men kig mod \u00f8st, mod havets skum<br>der findes et andet pusterum.<\/em><\/p>\n\n\n\n<hr class=\"wp-block-separator has-alpha-channel-opacity is-style-wide\"\/>\n\n\n\n<h4 class=\"wp-block-heading\" id=\"2\">SANG 2 \u2013 \u201cEmma &amp; Albert\u201d<\/h4>\n\n\n\n<p><strong>Vers 1<\/strong><br><em>Han var m\u00e6rket af tiden, af murer og st\u00f8v<br>med h\u00e6nder der vidste, at verden var d\u00f8v<br>en enlig vind bl\u00e6ste over Nyker sogn<br>Albert kom k\u00f8rende med h\u00e5bets vogn<\/em><\/p>\n\n\n\n<p><em>Et halvt \u00e5rhundrede bar han p\u00e5 ryg<br>men Emma var ung, og Emma var tryg<br>femogtyve somre mod en vinter s\u00e5 gr\u00e5<br>det var det m\u00e6rkeligste par, som naboerne s\u00e5.<\/em><\/p>\n\n\n\n<p><strong>Omkv\u00e6d<\/strong><br><em>Emma og Albert \u2013 det ulige b\u00e5nd<br>ungdommens varme mod en gammel mands h\u00e5nd<br>fra Ladeg\u00e5rden til pr\u00e6steg\u00e5rdens sk\u00f8d<br>voksede k\u00e6rlighed, hvor alt f\u00f8r var d\u00f8d<\/em><br><em>Ti korte vintre, en datter s\u00e5 fin<br>i skr\u00e6dderens stue med sang og med vin.<\/em><\/p>\n\n\n\n<p><strong>Vers 2<\/strong><br><em>Hun var datter af saksen og tr\u00e5dens flid<br>han var en rest fra en svunden tid<br>de sagde, det aldrig ville holde en nat<br>men Albert han passede p\u00e5 Emmas hat<\/em><\/p>\n\n\n\n<p><em>Men lykken er skr\u00f8belig som tyndeste glas<br>S\u00e5 i nitten var der ikke plads<br>femogtredive \u00e5r \u2013 s\u00e5 slap hendes tr\u00e5d<br>og Julie stod tilbage i barndommens gr\u00e5d.<\/em><\/p>\n\n\n\n<p><strong>Omkv\u00e6d<\/strong><br><em>Emma og Albert \u2013 det ulige b\u00e5nd<br>ungdommens varme mod en gammel mands h\u00e5nd<br>fra Ladeg\u00e5rden til pr\u00e6steg\u00e5rdens sk\u00f8d<br>voksede k\u00e6rlighed, hvor alt f\u00f8r var d\u00f8d<\/em><br><em>Ti korte vintre, en datter s\u00e5 fin<br>i skr\u00e6dderens stue med sang og med vin.<\/em><\/p>\n\n\n\n<p><strong>Omkv\u00e6d<\/strong><br><em>Emma og Albert \u2013 det ulige b\u00e5nd<br>ungdommens varme mod en gammel mands h\u00e5nd<br>fra Ladeg\u00e5rden til pr\u00e6steg\u00e5rdens sk\u00f8d<br>voksede k\u00e6rlighed, hvor alt f\u00f8r var d\u00f8d<\/em><br><em>Ti korte vintre, en datter s\u00e5 fin<br>i skr\u00e6dderens stue med sang og med vin.<\/em><\/p>\n\n\n\n<hr class=\"wp-block-separator has-alpha-channel-opacity is-style-wide\"\/>\n\n\n\n<h4 class=\"wp-block-heading\" id=\"3\">SANG 3 \u2013 \u201cUngdommens Gader\u201d<\/h4>\n\n\n\n<p><strong>Vers 1<\/strong><br><em>Mandag til gymnastik, tirsdag p\u00e5 systuen<br>Julie klipper silken, hun er dronningen i buen<br>v\u00e6k med sommerfrakken, frem med den sorte hat<br>vinteren er her, og R\u00f8nne v\u00e5gner i nat<\/em><\/p>\n\n\n\n<p><em>Hun g\u00e5r tur ved Damperen med breve i sin h\u00e5nd<br>knytter sm\u00e5 og store, hemmelige b\u00e5nd<br>Kaj har sendt en dug, Harald kigger efter hende<br>men Julie har planer, hun er sv\u00e6r at finde.<\/em><\/p>\n\n\n\n<p><strong>Omkv\u00e6d<\/strong><br><em>H\u00f8r lyden af R\u00f8nne, h\u00f8r de hurtige trin<br>ungdommens gader og den bornholmske vind<br>fra R\u00e5dhusteatret til Torvets larm<br>med dr\u00f8mme i hjertet og en ven under arm<\/em><\/p>\n\n\n\n<p><em>Vi danser p\u00e5 klippen, mens m\u00f8rket falder p\u00e5<br>1929 \u2013 der er intet vi skal n\u00e5.<\/em><\/p>\n\n\n\n<p><em>Vi danser p\u00e5 klippen, mens m\u00f8rket falder p\u00e5<br>1929 \u2013 der er intet vi skal n\u00e5.<\/em><\/p>\n\n\n\n<p><strong>Vers 2<\/strong><br><em>Radio\u2011gilde hos Nielsen, der er slagsm\u00e5l i en g\u00e5rd<br>ruderne de knuses, men Julie bare g\u00e5r<br>hun ser Cirkusprinsessen, dr\u00f8mmer sig til St. Petersborg<br>glemmer hverdagens saks og de sm\u00e5 dages sorg<\/em><\/p>\n\n\n\n<p><em>\u201cDu kommer sent hjem,\u201d siger Peder med et blik<br>men han ved ikke, hvor mange kys hun fik<br>mellem kirken og havnen, i m\u00f8rket ved et str\u00e6de<br>er livet en fest, en hemmelig gl\u00e6de.<\/em><\/p>\n\n\n\n<p><strong>Omkv\u00e6d<\/strong><br><em>H\u00f8r lyden af R\u00f8nne, h\u00f8r de hurtige trin<br>ungdommens gader og den bornholmske vind<br>fra R\u00e5dhusteatret til Torvets larm<br>med dr\u00f8mme i hjertet og en ven under arm<\/em><\/p>\n\n\n\n<p><em>Vi danser p\u00e5 klippen, mens m\u00f8rket falder p\u00e5<br>1929 \u2013 der er intet vi skal n\u00e5.<\/em><\/p>\n\n\n\n<p><strong>Omkv\u00e6d<\/strong><br><em>H\u00f8r lyden af R\u00f8nne, h\u00f8r de hurtige trin<br>ungdommens gader og den bornholmske vind<br>fra R\u00e5dhusteatret til Torvets larm<br>med dr\u00f8mme i hjertet og en ven under arm<\/em><\/p>\n\n\n\n<p><em>Vi danser p\u00e5 klippen, mens m\u00f8rket falder p\u00e5<br>1929 \u2013 der er intet vi skal n\u00e5.<\/em><\/p>\n\n\n\n<hr class=\"wp-block-separator has-alpha-channel-opacity is-style-wide\"\/>\n\n\n\n<h4 class=\"wp-block-heading\" id=\"4\">SANG 4 \u2013 \u201cDen Dag Himlen \u00c5bnede Sig\u201d<\/h4>\n\n\n\n<p><strong>Vers 1<\/strong><br><em>Helligtrekonger, himlen stod klar&nbsp;<br>Snefnug som glimt fra et svundet \u00e5r&nbsp;<br>Du gik ved min side p\u00e5 R\u00f8nnes sten&nbsp;<br>Og verden blev stille omkring os to alene&nbsp;<\/em><\/p>\n\n\n\n<p><em>Du drillede blidt, jeg lo som et barn&nbsp;<br>Men hjertet slog hurtigere i din favn&nbsp;<br>Vi standsede op, og du tog min h\u00e5nd&nbsp;<br>Og alt det jeg frygted\u2019, blev pludselig til \u00e5nd.<\/em><\/p>\n\n\n\n<p><strong>Omkv\u00e6d<\/strong><br><em>For den dag himlen \u00e5bnede sig&nbsp;<br>Og lyset faldt bl\u00f8dt mellem dig og mig&nbsp;<br>Du sagde mit navn som en stille ed&nbsp;<br>Og jeg m\u00e6rkede livet begynde igen&nbsp;<\/em><\/p>\n\n\n\n<p><em>Vi var unge, men tiden stod stille&nbsp;<br>To sj\u00e6le der fandt, hvad de begge ville.<\/em><\/p>\n\n\n\n<p><em>Vi var unge, men tiden stod stille&nbsp;<br>To sj\u00e6le der fandt, hvad de begge ville.<\/em><\/p>\n\n\n\n<p><strong>Vers 2<\/strong><br><em>Vi gik gennem gaderne, vinter og h\u00e5b&nbsp;<br>Som om hele byen var bygget af d\u00e5b&nbsp;<br>Du talte om fremtid, jeg troede dig knap&nbsp;<br>Men dine ord bar en varme, jeg aldrig slap&nbsp;<\/em><\/p>\n\n\n\n<p><em>Forlovet ved middag, forlovet ved nat&nbsp;<br>Et l\u00f8fte s\u00e5 skr\u00f8beligt, et l\u00f8fte s\u00e5 brat&nbsp;<br>Men k\u00e6rlighed kommer, n\u00e5r hjertet er klar&nbsp;<br>Og den dag var himlen s\u00e5 ufattelig rar.<\/em><\/p>\n\n\n\n<p><strong>Omkv\u00e6d<\/strong><br><em>For den dag himlen \u00e5bnede sig&nbsp;<br>Og lyset faldt bl\u00f8dt mellem dig og mig&nbsp;<br>Du sagde mit navn som en stille ed&nbsp;<br>Og jeg m\u00e6rkede livet begynde igen&nbsp;<\/em><br><br><em>Vi var unge, men tiden stod stille&nbsp;<br>To sj\u00e6le der fandt, hvad de begge ville.<\/em><\/p>\n\n\n\n<p><strong>Omkv\u00e6d<\/strong><br><em>For den dag himlen \u00e5bnede sig&nbsp;<br>Og lyset faldt bl\u00f8dt mellem dig og mig&nbsp;<br>Du sagde mit navn som en stille ed&nbsp;<br>Og jeg m\u00e6rkede livet begynde igen&nbsp;<\/em><br><br><em>Vi var unge, men tiden stod stille&nbsp;<br>To sj\u00e6le der fandt, hvad de begge ville.<\/em><\/p>\n\n\n\n<p><em>Vi var unge, men tiden stod stille&nbsp;<br>To sj\u00e6le der fandt, hvad de begge ville.<\/em><\/p>\n\n\n\n<hr class=\"wp-block-separator has-alpha-channel-opacity is-style-wide\"\/>\n\n\n\n<h4 class=\"wp-block-heading\" id=\"5\">SANG 5 \u2013 \u201cV\u00e6relse 12\u201d<\/h4>\n\n\n\n<p><strong>Vers 1<\/strong><br><em>Syv dage med feber, syv dage med frygt<br>alt det vi byggede, er ikke mere trygt<br>fra gangen p\u00e5 sygehuset h\u00f8res din lyd<br>en hulen i brystet, en smerte uden fryd<\/em><\/p>\n\n\n\n<p><em>V\u00e6relse tolv, hvor lyset er svagt<br>jeg sidder ved sengen og holder min vagt<br>jeg n\u00e6vner dit navn, jeg kysser din pande<br>men du er allerede i de fremmede lande.<\/em><\/p>\n\n\n\n<p><strong>Omkv\u00e6d<\/strong><br><em>\u201cNu er han d\u00f8d,\u201d siger stemmen s\u00e5 t\u00f8r<br>og intet i verden er som det var f\u00f8r<br>syvende januar kyssede vi<br>syttende januar er det forbi<\/em><\/p>\n\n\n\n<p><em>Hvid er din kiste og kold er din h\u00e5nd<br>d\u00f8den har l\u00f8snet vores smukkeste b\u00e5nd.<\/em><\/p>\n\n\n\n<p><strong>Vers 2<\/strong><br><em>Halvfjerds hvide kranse og tulipaner i flor<br>vi synger om Gud, mens jeg mangler de ord<br>\u201cAlt st\u00e5r i Guds faderh\u00e5nd,\u201d lyder det smukt<br>men lykken har taget sin hurtigste flugt<\/em><\/p>\n\n\n\n<p><em>Jeg g\u00e5r gennem sneen med t\u00e5rer p\u00e5 kind<br>l\u00e5ser mig ude og lukker sorgen herind<br>R\u00f8nne er stille, og vinteren gr\u00e5<br>jeg b\u00e6rer dit navn, men m\u00e5 l\u00e6re at g\u00e5.<\/em><\/p>\n\n\n\n<p><strong>Omkv\u00e6d<\/strong><br><em>\u201cNu er han d\u00f8d,\u201d siger stemmen s\u00e5 t\u00f8r<br>og intet i verden er som det var f\u00f8r<br>syvende januar kyssede vi<br>syttende januar er det forbi<\/em><\/p>\n\n\n\n<p><em>Hvid er din kiste og kold er din h\u00e5nd<br>d\u00f8den har l\u00f8snet vores smukkeste b\u00e5nd.<\/em><\/p>\n\n\n\n<p><strong>Omkv\u00e6d<\/strong><br><em>\u201cNu er han d\u00f8d,\u201d siger stemmen s\u00e5 t\u00f8r<br>og intet i verden er som det var f\u00f8r<br>syvende januar kyssede vi<br>syttende januar er det forbi<\/em><\/p>\n\n\n\n<p><em>Hvid er din kiste og kold er din h\u00e5nd<br>d\u00f8den har l\u00f8snet vores smukkeste b\u00e5nd.<\/em><\/p>\n\n\n\n<p><em>d\u00f8den har l\u00f8snet vores smukkeste b\u00e5nd.<\/em><\/p>\n\n\n\n<hr class=\"wp-block-separator has-alpha-channel-opacity is-style-wide\"\/>\n\n\n\n<h4 class=\"wp-block-heading\" id=\"6\">SANG 6 \u2013 \u201cHenry Ove (Larsegade)\u201d<\/h4>\n\n\n\n<p><strong>Vers 1<\/strong><br><em>I Larsegade fandt vi ly for stormen<br>Henry og jeg, vi fandt langsomt formen<br>han var manden fra havet med salt i sit h\u00e5r<br>jeg var syersken, der helede mine s\u00e5r<\/em><\/p>\n\n\n\n<p><em>Skt. Nikolai ringede, vi sagde vort ja<br>en ny vej at g\u00e5, en ny dag at ta\u2019<br>men himlen var tung over R\u00f8nnes tage<br>lykken kom sj\u00e6ldent alene tilbage.<\/em><\/p>\n\n\n\n<p><strong>Omkv\u00e6d<\/strong><br><em>Henry Ove, min klippe, min mand<br>du stillede stormen og gav mig et land<br>mellem vugger der tav og saksens lyd<br>bygged\u2019 vi livet med smerte og fryd<\/em><\/p>\n\n\n\n<p><em>To sm\u00e5 engle hviler i fred<br>men vi havde vores J\u00f8rgen, vores elskede med.<\/em><\/p>\n\n\n\n<p><strong>Vers 2<\/strong><br><em>Edith og Poul fik kun \u00e9t lille suk<br>verden var h\u00e5rd, men k\u00e6rligheden smuk<br>deres liv var korte som vinterens lys<br>vi l\u00e6rte at b\u00e6re det, vi aldrig ku\u2019 kys\u2019<\/em><\/p>\n\n\n\n<p><em>Henry han sejled\u2019, mens jeg syed\u2019 t\u00f8j<br>h\u00f8rte motorens dunk, n\u00e5r m\u00e5gerne fl\u00f8j<br>vi holdt om hinanden, da krigen br\u00f8d ud<br>og bad vores stille b\u00f8nner til Gud.<\/em><\/p>\n\n\n\n<p><strong>Omkv\u00e6d<\/strong><br><em>Henry Ove, min klippe, min mand<br>du stillede stormen og gav mig et land<br>mellem vugger der tav og saksens lyd<br>bygged\u2019 vi livet med smerte og fryd<\/em><\/p>\n\n\n\n<p><em>To sm\u00e5 engle hviler i fred<br>men vi havde vores J\u00f8rgen, vores elskede med.<\/em><\/p>\n\n\n\n<p><strong>Omkv\u00e6d<\/strong><br><em>Henry Ove, min klippe, min mand<br>du stillede stormen og gav mig et land<br>mellem vugger der tav og saksens lyd<br>bygged\u2019 vi livet med smerte og fryd<\/em><\/p>\n\n\n\n<p><em>To sm\u00e5 engle hviler i fred<br>men vi havde vores J\u00f8rgen, vores elskede med.<\/em><\/p>\n\n\n\n<hr class=\"wp-block-separator has-alpha-channel-opacity is-style-wide\"\/>\n\n\n\n<h4 class=\"wp-block-heading\" id=\"7\">SANG 7 \u2013 \u201cKutteren Anna\u201d<\/h4>\n\n\n\n<p><strong>Vers 1<\/strong><br><em>Januarmorgen, himlen iset og bl\u00e5<br>\u201cAnna\u201d gled ud, hvor de andre m\u00e5 st\u00e5<br>Henry, Ejvind og Osvald ombord<br>ingen der vinked\u2019, ingen der spord\u2019<\/em><\/p>\n\n\n\n<p><em>Torsken var tung, og isen var h\u00e5rd<br>Henry var st\u00e6rk, men natten var s\u00e5r<br>t\u00e5gen l\u00e5 t\u00e6t som et t\u00e6ppe af st\u00e5l<br>var de p\u00e5 kurs, havde de et m\u00e5l?<\/em><\/p>\n\n\n\n<p><strong>Omkv\u00e6d<\/strong><br><em>Kutteren Anna, hvor blev du af?<br>sank du i m\u00f8rket f\u00f8r det blev dag?<br>var det isen, der kn\u00e6kked\u2019 dit d\u00e6k?<br>eller kom tyskeren og tog jer v\u00e6k?<\/em><\/p>\n\n\n\n<p><em>\u201cMand og mus,\u201d siger rettens papir<br>men Julie hun h\u00f8rer, hvad rygterne sir\u2019<br>du sejled\u2019 folk over \u00d8sters\u00f8ens vand<br>en helt uden grav, en forsvunden mand.<\/em><\/p>\n\n\n\n<p><strong>Omkv\u00e6d<\/strong><br><em>Kutteren Anna, hvor blev du af?<br>sank du i m\u00f8rket f\u00f8r det blev dag?<br>var det isen, der kn\u00e6kked\u2019 dit d\u00e6k?<br>eller kom tyskeren og tog jer v\u00e6k?<\/em><\/p>\n\n\n\n<p><em>\u201cMand og mus,\u201d siger rettens papir<br>men Julie hun h\u00f8rer, hvad rygterne sir\u2019<br>du sejled\u2019 folk over \u00d8sters\u00f8ens vand<br>en helt uden grav, en forsvunden mand.<\/em><\/p>\n\n\n\n<p><strong>Vers 2<\/strong><br><em>Redningsskibet s\u00f8gte i skummet og sne<br>men havet var tavst, og intet at se<br>ingen vragdele, ingen der fandt<br>kun vinterens hvide og bidende tand<\/em><\/p>\n\n\n\n<p><em>Men Julie m\u00e6rked\u2019 et liv i sin krop<br>en lille ny Henry voksede op<br>en m\u00e5ned til d\u00e5ben, en m\u00e5ned til savn<br>uden en far i en m\u00f8rklagt havn.<\/em><\/p>\n\n\n\n<p><strong>Omkv\u00e6d<\/strong><br><em>Kutteren Anna, hvor blev du af?<br>sank du i m\u00f8rket f\u00f8r det blev dag?<br>var det isen, der kn\u00e6kked\u2019 dit d\u00e6k?<br>eller kom tyskeren og tog jer v\u00e6k?<\/em><\/p>\n\n\n\n<p><em>\u201cMand og mus,\u201d siger rettens papir<br>men Julie hun h\u00f8rer, hvad rygterne sir\u2019<br>du sejled\u2019 folk over \u00d8sters\u00f8ens vand<br>en helt uden grav, en forsvunden mand.<\/em><\/p>\n\n\n\n<p><em>En helt uden grav, en forsvunden mand.<\/em><\/p>\n\n\n\n<hr class=\"wp-block-separator has-alpha-channel-opacity is-style-wide\"\/>\n\n\n\n<h4 class=\"wp-block-heading\" id=\"8\">SANG 8 \u2013 \u201cBarnet uden far\u201d<\/h4>\n\n\n\n<p><strong>Vers 1<\/strong><br><em>Stuen er stille i Larsegade nu<br>kulden den kryber, jeg m\u00e6rker et gru<br>men midt i mit savn og midt i min sorg<br>l\u00e6gger jeg Henry i vuggens borg<\/em><\/p>\n\n\n\n<p><em>Du har hans \u00f8jne, du b\u00e6rer hans navn<br>et lys i krigens m\u00f8rke havn<br>udenfor hyler den iskolde vind<br>men her er du varm mod min moder\u2011kind.<\/em><\/p>\n\n\n\n<p><strong>Omkv\u00e6d<\/strong><br><em>Lille Henry, du kom som et lys<br>i en verden af t\u00e5ge og isnende gys<br>din far er p\u00e5 havet, din far er en g\u00e5de<br>vi lever p\u00e5 h\u00e5bet og gudernes n\u00e5de<\/em><\/p>\n\n\n\n<p><em>Barnet uden far, men med k\u00e6rlighed nok<br>vi klarer os gennem hvert eneste chok.<\/em><\/p>\n\n\n\n<p><strong>Omkv\u00e6d<\/strong><br><em>Lille Henry, du kom som et lys<br>i en verden af t\u00e5ge og isnende gys<br>din far er p\u00e5 havet, din far er en g\u00e5de<br>vi lever p\u00e5 h\u00e5bet og gudernes n\u00e5de<\/em><\/p>\n\n\n\n<p><em>Barnet uden far, men med k\u00e6rlighed nok<br>vi klarer os gennem hvert eneste chok.<\/em><\/p>\n\n\n\n<p><strong>Vers 2<\/strong><br><em>Jeg syer dine kl\u00e6der i lampens sk\u00e6r<br>hver lille s\u00f8m er et l\u00f8fte om mer\u2019<br>og J\u00f8rgen p\u00e5 seks, han g\u00f8r hvad han kan<br>den lille dreng blev husets mand<\/em><\/p>\n\n\n\n<p><em>Han henter dit t\u00e6ppe, han vugger dig blidt<br>han passer sin bror, som var verden hans pligt<br>vi deler en styrke, vi deler et savn<br>tre sj\u00e6le der k\u00e6mper i krigens havn.<\/em><\/p>\n\n\n\n<p><strong>Omkv\u00e6d<\/strong><br><em>Lille Henry, du kom som et lys<br>i en verden af t\u00e5ge og isnende gys<br>din far er p\u00e5 havet, din far er en g\u00e5de<br>vi lever p\u00e5 h\u00e5bet og gudernes n\u00e5de<\/em><\/p>\n\n\n\n<p><em>Barnet uden far, men med k\u00e6rlighed nok<br>vi klarer os gennem hvert eneste chok.<\/em><\/p>\n\n\n\n<p><strong>Omkv\u00e6d<\/strong><br><em>Lille Henry, du kom som et lys<br>i en verden af t\u00e5ge og isnende gys<br>din far er p\u00e5 havet, din far er en g\u00e5de<br>vi lever p\u00e5 h\u00e5bet og gudernes n\u00e5de<\/em><\/p>\n\n\n\n<p><em>Barnet uden far, men med k\u00e6rlighed nok<br>vi klarer os gennem hvert eneste chok.<\/em><\/p>\n\n\n\n<hr class=\"wp-block-separator has-alpha-channel-opacity is-style-wide\"\/>\n\n\n\n<h4 class=\"wp-block-heading\" id=\"9\">SANG 9 \u2013 \u201cOver Sundet\u201d<\/h4>\n\n\n\n<p><strong>Omkv\u00e6d<\/strong><br><em>Over sundet, mod et lysere land<br>v\u00e6k fra skyggerne af en forsvunden mand<br>Julie Sofie, du k\u00e6mped\u2019 din kamp<br>nu letter vi anker, nu letter vi damp<\/em><\/p>\n\n\n\n<p><em>Saksen er med, og minderne bor<br>men her er der plads til de levendes ord.<\/em><\/p>\n\n\n\n<p><strong>Vers 1<\/strong><br><em>Farvel til klipperne, farvel til savn<br>jeg forlader min elskede, m\u00f8rke havn<br>Besser han venter, han r\u00e6kker sin h\u00e5nd<br>l\u00f8sner de gamle og slidte b\u00e5nd<\/em><\/p>\n\n\n\n<p><em>Et hus i Frederikssund, en have s\u00e5 gr\u00f8n<br>en ny begyndelse for mig og min s\u00f8n<br>fra \u00d8sters\u00f8ens dyb til Roskilde Fjord<br>s\u00e6tter jeg mig ved et d\u00e6kket bord.<\/em><\/p>\n\n\n\n<p><strong>Omkv\u00e6d<\/strong><br><em>Over sundet, mod et lysere land<br>v\u00e6k fra skyggerne af en forsvunden mand<br>Julie Sofie, du k\u00e6mped\u2019 din kamp<br>nu letter vi anker, nu letter vi damp<\/em><\/p>\n\n\n\n<p><em>Saksen er med, og minderne bor<br>men her er der plads til de levendes ord.<\/em><\/p>\n\n\n\n<p><strong>Vers 2<\/strong><br><em>Vi pakker de kasser, som livet har b\u00e5ret<br>alt det vi misted\u2019, alt det vi sp\u00e5red\u2019<br>J\u00f8rgen han hj\u00e6lper, han l\u00f8fter som f\u00e5<br>en dreng der har set alt for meget at n\u00e5<\/em><\/p>\n\n\n\n<p><em>Men toget mod Sj\u00e6lland er fyldt med fred<br>en fremtid der hvisker: \u201cKom, f\u00f8lg med\u201d<br>for f\u00f8rste gang siden krigens \u00e5r<br>f\u00f8les verden som noget, der best\u00e5r.<\/em><\/p>\n\n\n\n<p><strong>Omkv\u00e6d<\/strong><br><em>Over sundet, mod et lysere land<br>v\u00e6k fra skyggerne af en forsvunden mand<br>Julie Sofie, du k\u00e6mped\u2019 din kamp<br>nu letter vi anker, nu letter vi damp<\/em><\/p>\n\n\n\n<p><em>Saksen er med, og minderne bor<br>men her er der plads til de levendes ord.<\/em><\/p>\n\n\n\n<p><strong>Omkv\u00e6d<\/strong><br><em>Over sundet, mod et lysere land<br>v\u00e6k fra skyggerne af en forsvunden mand<br>Julie Sofie, du k\u00e6mped\u2019 din kamp<br>nu letter vi anker, nu letter vi damp<\/em><\/p>\n\n\n\n<p><em>Saksen er med, og minderne bor<br>men her er der plads til de levendes ord.<\/em><\/p>\n\n\n\n<hr class=\"wp-block-separator has-alpha-channel-opacity is-style-wide\"\/>\n\n\n\n<h4 class=\"wp-block-heading\" id=\"10\">SANG 10 \u2013 \u201cSidste Sting\u201d<\/h4>\n\n\n\n<p><strong>Vers 1<\/strong><br>Tr\u00e5den er trukket, s\u00f8mmen er sat<br>Julie ser frem mod den sidste nat<br>fra Nyker til R\u00f8nne, til Sj\u00e6llandsk jord<br>har hun b\u00e5ret det liv, som tiden hende gi\u2019r<\/p>\n\n\n\n<p>Hun misted\u2019 sin mor, da hun var et barn<br>otte \u00e5r gammel i sin fars trygge favn<br>hun misted\u2019 sin k\u00e6rlighed i sine unge \u00e5r<br>og samme \u00e5r faldt hendes far ogs\u00e5 bort<\/p>\n\n\n\n<p><strong>Omkv\u00e6d<\/strong><br>Det sidste sting i det smukkeste stof<br>af minder og h\u00e5b, af himmelens hof<br>en mor, en forlovet, en far i dens jord<br>nu m\u00f8des de alle, hvor k\u00e6rlighed bor<\/p>\n\n\n\n<p>Julie Sofie, du hviler i fred<br>vi b\u00e6rer dit hjerte og din styrke med<\/p>\n\n\n\n<p><strong>Vers 2<\/strong><br>Hun f\u00f8dte to b\u00f8rn, der kun n\u00e5ede et suk<br>verden var streng, men k\u00e6rligheden smuk<br>hun misted\u2019 sin mand til det isnende hav<br>en helt uden grav, et liv uden svar<\/p>\n\n\n\n<p>Men J\u00f8rgen og Henry, de stod ved hendes side<br>to drenge der l\u00e6rte, hvad styrke kan lide<br>hun syede sig gennem hver eneste dag<br>og fandt sin fred i Fjordens tag<\/p>\n\n\n\n<p><strong>Omkv\u00e6d<\/strong><br>Det sidste sting i det smukkeste stof<br>af minder og h\u00e5b, af himmelens hof<br>en mor, en forlovet, en far i dens jord<br>nu m\u00f8des de alle, hvor k\u00e6rlighed bor<\/p>\n\n\n\n<p>Julie Sofie, du hviler i fred<br>vi b\u00e6rer dit hjerte og din styrke med<\/p>\n\n\n\n<p><strong>Omkv\u00e6d<\/strong><br>Det sidste sting i det smukkeste stof<br>af minder og h\u00e5b, af himmelens hof<br>en mor, en forlovet, en far i dens jord<br>nu m\u00f8des de alle, hvor k\u00e6rlighed bor<\/p>\n\n\n\n<p>Julie Sofie, du hviler i fred<br>vi b\u00e6rer dit hjerte og din styrke med<\/p>\n\n\n\n<p><\/p>\n\n\n\n<hr class=\"wp-block-separator has-text-color has-dark-gray-color has-alpha-channel-opacity has-dark-gray-background-color has-background is-style-wide\"\/>\n\n\n\n<p class=\"has-text-align-center has-medium-font-size\"><strong><mark style=\"background-color:#f5efe7\" class=\"has-inline-color\"> <a href=\"https:\/\/greiersen.dk\/sss\/\" type=\"page\" id=\"25\">Hjem<\/a> <\/mark> &#8211; <mark style=\"background-color:#f5efe7\" class=\"has-inline-color\"> <a href=\"https:\/\/greiersen.dk\/sss\/musik\/\" type=\"page\" id=\"61\">Musiken<\/a> <\/mark><\/strong><\/p>\n\n\n\n<hr class=\"wp-block-separator has-text-color has-dark-gray-color has-alpha-channel-opacity has-dark-gray-background-color has-background is-style-wide\"\/>\n\n\n\n<p><\/p>\n","protected":false},"excerpt":{"rendered":"<p>Hvor B\u00f8lgerne Brydesaf Selskabet for Syede Sange Hvor B\u00f8lgerne Brydes Er en musikalsk fort\u00e6lling om mennesker, der levede deres liv i skyggerne af en tid, [&#8230;]<\/p>\n","protected":false},"author":1,"featured_media":0,"parent":0,"menu_order":0,"comment_status":"closed","ping_status":"closed","template":"templates\/template-no-title.php","meta":{"footnotes":"","_links_to":"","_links_to_target":""},"class_list":["post-42","page","type-page","status-publish","hentry"],"yoast_head":"<!-- This site is optimized with the Yoast SEO plugin v27.4 - https:\/\/yoast.com\/product\/yoast-seo-wordpress\/ -->\n<title>Hvor B\u00f8lgerne Brydes - Selskabet for Syede Sange<\/title>\n<meta name=\"description\" content=\"\u201cHvor B\u00f8lgerne Brydes\u201d er et historisk musikprojekt om Julie Sofies liv 1911\u20131969. Lyt til sangene, l\u00e6s fort\u00e6llingerne og f\u00f8lg udgivelsen her.\" \/>\n<meta name=\"robots\" content=\"index, follow, max-snippet:-1, max-image-preview:large, max-video-preview:-1\" \/>\n<link rel=\"canonical\" href=\"https:\/\/greiersen.dk\/sss\/hvor-boelgerne-brydes\/\" \/>\n<meta property=\"og:locale\" content=\"da_DK\" \/>\n<meta property=\"og:type\" content=\"article\" \/>\n<meta property=\"og:title\" content=\"Hvor B\u00f8lgerne Brydes - Selskabet for Syede Sange\" \/>\n<meta property=\"og:description\" content=\"\u201cHvor B\u00f8lgerne Brydes\u201d er et historisk musikprojekt om Julie Sofies liv 1911\u20131969. Lyt til sangene, l\u00e6s fort\u00e6llingerne og f\u00f8lg udgivelsen her.\" \/>\n<meta property=\"og:url\" content=\"https:\/\/greiersen.dk\/sss\/hvor-boelgerne-brydes\/\" \/>\n<meta property=\"og:site_name\" content=\"Selskabet for Syede Sange\" \/>\n<meta property=\"article:modified_time\" content=\"2026-03-25T22:32:56+00:00\" \/>\n<meta property=\"og:image\" content=\"https:\/\/jensgreiersen.direct.quickconnect.to\/wordpress\/wp-content\/uploads\/2026\/01\/Hvor-Boelgerne-Brydes-cover.jpeg\" \/>\n<meta name=\"twitter:card\" content=\"summary_large_image\" \/>\n<meta name=\"twitter:label1\" content=\"Estimeret l\u00e6setid\" \/>\n\t<meta name=\"twitter:data1\" content=\"16 minutter\" \/>\n<script type=\"application\/ld+json\" class=\"yoast-schema-graph\">{\"@context\":\"https:\\\/\\\/schema.org\",\"@graph\":[{\"@type\":\"WebPage\",\"@id\":\"https:\\\/\\\/greiersen.dk\\\/sss\\\/hvor-boelgerne-brydes\\\/\",\"url\":\"https:\\\/\\\/greiersen.dk\\\/sss\\\/hvor-boelgerne-brydes\\\/\",\"name\":\"Hvor B\u00f8lgerne Brydes - Selskabet for Syede Sange\",\"isPartOf\":{\"@id\":\"https:\\\/\\\/greiersen.dk\\\/sss\\\/#website\"},\"primaryImageOfPage\":{\"@id\":\"https:\\\/\\\/greiersen.dk\\\/sss\\\/hvor-boelgerne-brydes\\\/#primaryimage\"},\"image\":{\"@id\":\"https:\\\/\\\/greiersen.dk\\\/sss\\\/hvor-boelgerne-brydes\\\/#primaryimage\"},\"thumbnailUrl\":\"https:\\\/\\\/jensgreiersen.direct.quickconnect.to\\\/wordpress\\\/wp-content\\\/uploads\\\/2026\\\/01\\\/Hvor-Boelgerne-Brydes-cover.jpeg\",\"datePublished\":\"2026-01-28T12:01:42+00:00\",\"dateModified\":\"2026-03-25T22:32:56+00:00\",\"description\":\"\u201cHvor B\u00f8lgerne Brydes\u201d er et historisk musikprojekt om Julie Sofies liv 1911\u20131969. Lyt til sangene, l\u00e6s fort\u00e6llingerne og f\u00f8lg udgivelsen her.\",\"breadcrumb\":{\"@id\":\"https:\\\/\\\/greiersen.dk\\\/sss\\\/hvor-boelgerne-brydes\\\/#breadcrumb\"},\"inLanguage\":\"da-DK\",\"potentialAction\":[{\"@type\":\"ReadAction\",\"target\":[\"https:\\\/\\\/greiersen.dk\\\/sss\\\/hvor-boelgerne-brydes\\\/\"]}]},{\"@type\":\"ImageObject\",\"inLanguage\":\"da-DK\",\"@id\":\"https:\\\/\\\/greiersen.dk\\\/sss\\\/hvor-boelgerne-brydes\\\/#primaryimage\",\"url\":\"https:\\\/\\\/jensgreiersen.direct.quickconnect.to\\\/wordpress\\\/wp-content\\\/uploads\\\/2026\\\/01\\\/Hvor-Boelgerne-Brydes-cover.jpeg\",\"contentUrl\":\"https:\\\/\\\/jensgreiersen.direct.quickconnect.to\\\/wordpress\\\/wp-content\\\/uploads\\\/2026\\\/01\\\/Hvor-Boelgerne-Brydes-cover.jpeg\"},{\"@type\":\"BreadcrumbList\",\"@id\":\"https:\\\/\\\/greiersen.dk\\\/sss\\\/hvor-boelgerne-brydes\\\/#breadcrumb\",\"itemListElement\":[{\"@type\":\"ListItem\",\"position\":1,\"name\":\"Hjem\",\"item\":\"https:\\\/\\\/greiersen.dk\\\/sss\\\/\"},{\"@type\":\"ListItem\",\"position\":2,\"name\":\"Hvor B\u00f8lgerne Brydes\"}]},{\"@type\":\"WebSite\",\"@id\":\"https:\\\/\\\/greiersen.dk\\\/sss\\\/#website\",\"url\":\"https:\\\/\\\/greiersen.dk\\\/sss\\\/\",\"name\":\"Selskabet for Syede Sange\",\"description\":\"For bevaring af tabte stemmer\",\"potentialAction\":[{\"@type\":\"SearchAction\",\"target\":{\"@type\":\"EntryPoint\",\"urlTemplate\":\"https:\\\/\\\/greiersen.dk\\\/sss\\\/?s={search_term_string}\"},\"query-input\":{\"@type\":\"PropertyValueSpecification\",\"valueRequired\":true,\"valueName\":\"search_term_string\"}}],\"inLanguage\":\"da-DK\"}]}<\/script>\n<!-- \/ Yoast SEO plugin. -->","yoast_head_json":{"title":"Hvor B\u00f8lgerne Brydes - Selskabet for Syede Sange","description":"\u201cHvor B\u00f8lgerne Brydes\u201d er et historisk musikprojekt om Julie Sofies liv 1911\u20131969. Lyt til sangene, l\u00e6s fort\u00e6llingerne og f\u00f8lg udgivelsen her.","robots":{"index":"index","follow":"follow","max-snippet":"max-snippet:-1","max-image-preview":"max-image-preview:large","max-video-preview":"max-video-preview:-1"},"canonical":"https:\/\/greiersen.dk\/sss\/hvor-boelgerne-brydes\/","og_locale":"da_DK","og_type":"article","og_title":"Hvor B\u00f8lgerne Brydes - Selskabet for Syede Sange","og_description":"\u201cHvor B\u00f8lgerne Brydes\u201d er et historisk musikprojekt om Julie Sofies liv 1911\u20131969. Lyt til sangene, l\u00e6s fort\u00e6llingerne og f\u00f8lg udgivelsen her.","og_url":"https:\/\/greiersen.dk\/sss\/hvor-boelgerne-brydes\/","og_site_name":"Selskabet for Syede Sange","article_modified_time":"2026-03-25T22:32:56+00:00","og_image":[{"url":"https:\/\/jensgreiersen.direct.quickconnect.to\/wordpress\/wp-content\/uploads\/2026\/01\/Hvor-Boelgerne-Brydes-cover.jpeg","type":"","width":"","height":""}],"twitter_card":"summary_large_image","twitter_misc":{"Estimeret l\u00e6setid":"16 minutter"},"schema":{"@context":"https:\/\/schema.org","@graph":[{"@type":"WebPage","@id":"https:\/\/greiersen.dk\/sss\/hvor-boelgerne-brydes\/","url":"https:\/\/greiersen.dk\/sss\/hvor-boelgerne-brydes\/","name":"Hvor B\u00f8lgerne Brydes - Selskabet for Syede Sange","isPartOf":{"@id":"https:\/\/greiersen.dk\/sss\/#website"},"primaryImageOfPage":{"@id":"https:\/\/greiersen.dk\/sss\/hvor-boelgerne-brydes\/#primaryimage"},"image":{"@id":"https:\/\/greiersen.dk\/sss\/hvor-boelgerne-brydes\/#primaryimage"},"thumbnailUrl":"https:\/\/jensgreiersen.direct.quickconnect.to\/wordpress\/wp-content\/uploads\/2026\/01\/Hvor-Boelgerne-Brydes-cover.jpeg","datePublished":"2026-01-28T12:01:42+00:00","dateModified":"2026-03-25T22:32:56+00:00","description":"\u201cHvor B\u00f8lgerne Brydes\u201d er et historisk musikprojekt om Julie Sofies liv 1911\u20131969. Lyt til sangene, l\u00e6s fort\u00e6llingerne og f\u00f8lg udgivelsen her.","breadcrumb":{"@id":"https:\/\/greiersen.dk\/sss\/hvor-boelgerne-brydes\/#breadcrumb"},"inLanguage":"da-DK","potentialAction":[{"@type":"ReadAction","target":["https:\/\/greiersen.dk\/sss\/hvor-boelgerne-brydes\/"]}]},{"@type":"ImageObject","inLanguage":"da-DK","@id":"https:\/\/greiersen.dk\/sss\/hvor-boelgerne-brydes\/#primaryimage","url":"https:\/\/jensgreiersen.direct.quickconnect.to\/wordpress\/wp-content\/uploads\/2026\/01\/Hvor-Boelgerne-Brydes-cover.jpeg","contentUrl":"https:\/\/jensgreiersen.direct.quickconnect.to\/wordpress\/wp-content\/uploads\/2026\/01\/Hvor-Boelgerne-Brydes-cover.jpeg"},{"@type":"BreadcrumbList","@id":"https:\/\/greiersen.dk\/sss\/hvor-boelgerne-brydes\/#breadcrumb","itemListElement":[{"@type":"ListItem","position":1,"name":"Hjem","item":"https:\/\/greiersen.dk\/sss\/"},{"@type":"ListItem","position":2,"name":"Hvor B\u00f8lgerne Brydes"}]},{"@type":"WebSite","@id":"https:\/\/greiersen.dk\/sss\/#website","url":"https:\/\/greiersen.dk\/sss\/","name":"Selskabet for Syede Sange","description":"For bevaring af tabte stemmer","potentialAction":[{"@type":"SearchAction","target":{"@type":"EntryPoint","urlTemplate":"https:\/\/greiersen.dk\/sss\/?s={search_term_string}"},"query-input":{"@type":"PropertyValueSpecification","valueRequired":true,"valueName":"search_term_string"}}],"inLanguage":"da-DK"}]}},"_links":{"self":[{"href":"https:\/\/greiersen.dk\/sss\/wp-json\/wp\/v2\/pages\/42","targetHints":{"allow":["GET"]}}],"collection":[{"href":"https:\/\/greiersen.dk\/sss\/wp-json\/wp\/v2\/pages"}],"about":[{"href":"https:\/\/greiersen.dk\/sss\/wp-json\/wp\/v2\/types\/page"}],"author":[{"embeddable":true,"href":"https:\/\/greiersen.dk\/sss\/wp-json\/wp\/v2\/users\/1"}],"replies":[{"embeddable":true,"href":"https:\/\/greiersen.dk\/sss\/wp-json\/wp\/v2\/comments?post=42"}],"version-history":[{"count":29,"href":"https:\/\/greiersen.dk\/sss\/wp-json\/wp\/v2\/pages\/42\/revisions"}],"predecessor-version":[{"id":217,"href":"https:\/\/greiersen.dk\/sss\/wp-json\/wp\/v2\/pages\/42\/revisions\/217"}],"wp:attachment":[{"href":"https:\/\/greiersen.dk\/sss\/wp-json\/wp\/v2\/media?parent=42"}],"curies":[{"name":"wp","href":"https:\/\/api.w.org\/{rel}","templated":true}]}}